{"id":7072,"date":"2021-06-14T14:49:42","date_gmt":"2021-06-14T17:49:42","guid":{"rendered":"https:\/\/pglbr.com.br\/responsabilidade-social\/"},"modified":"2022-05-16T12:13:21","modified_gmt":"2022-05-16T15:13:21","slug":"responsabilidad-social","status":"publish","type":"page","link":"https:\/\/pglbr.com.br\/es\/responsabilidad-social\/","title":{"rendered":"Responsabilidad Social"},"content":{"rendered":"<section class=\"wpb-content-wrapper\">[vc_row thb_full_width=\u00bbtrue\u00bb thb_row_padding=\u00bbtrue\u00bb thb_column_padding=\u00bbtrue\u00bb full_height=\u00bbyes\u00bb css=\u00bb.vc_custom_1623706492975{padding-top: 24vh !important;padding-bottom: 12vh !important;background-image: url(https:\/\/pglbr.com.br\/wp-content\/uploads\/2021\/06\/socialresponsabilidade.jpg?id=1031) !important;}\u00bb][vc_column][vc_row_inner content_placement=\u00bbmiddle\u00bb][vc_column_inner thb_color=\u00bbthb-light-column\u00bb width=\u00bb1\/2&#8243;]\t<div id=\"thb-slidetype-69f31709ed208\" class=\"thb-slidetype \" data-style=\"style1\">\n\t\t\n<h1><span class=\"thb-slidetype-entry\"><span class=\"lines\">Responsabilidad Social<\/span><\/span><\/h1>\n\t\t\t\t<style>\n\t\t\t#thb-slidetype-69f31709ed208 .thb-slidetype-entry {\n\t\t\t\tcolor: #ffffff;\n\t\t\t}\n\t\t<\/style>\n\t\t\t<\/div>\n\n\t[vc_empty_space height=\u00bb25px\u00bb][vc_separator color=\u00bbwhite\u00bb align=\u00bbalign_left\u00bb css_animation=\u00bbleft-to-right\u00bb][vc_empty_space height=\u00bb25px\u00bb][vc_column_text animation=\u00bbanimation fade-in\u00bb]\n<p class=\"p1\">Valoramos el bienestar del colaborador, de la empresa y de la poblaci\u00f3n en su conjunto, y con ese ideal, peri\u00f3dicamente iniciamos o nos sumamos a acciones que tienen como objetivo la salud y el bienestar, la preservaci\u00f3n del medio ambiente y\/o el v\u00ednculo con<\/p>\n[\/vc_column_text][\/vc_column_inner][vc_column_inner el_class=\u00bbtext-center\u00bb width=\u00bb1\/2&#8243;][\/vc_column_inner][\/vc_row_inner][\/vc_column][\/vc_row][vc_row css=\u00bb.vc_custom_1623698463893{padding-top: 10vh !important;}\u00bb][vc_column width=\u00bb1\/2&#8243;]\t<div id=\"thb-slidetype-69f31709ed26f\" class=\"thb-slidetype \" data-style=\"style2\">\n\t\t\n<h2><span class=\"thb-slidetype-entry\"><span class=\"lines\">Algunas de nuestras acciones:<\/span><\/span><\/h2>\n\t\t\t<\/div>\n\n\t[vc_empty_space height=\u00bb15px\u00bb][vc_separator color=\u00bbcustom\u00bb align=\u00bbalign_left\u00bb border_width=\u00bb6&#8243; el_width=\u00bb30&#8243; css_animation=\u00bbleft-to-right\u00bb accent_color=\u00bb#dedc00&#8243;][vc_empty_space height=\u00bb25px\u00bb]\t<div id=\"thb-iconbox-69f31709ed2cc\" class=\"thb-iconbox left type1     animation-true\" href=\"\" target=\"_self\" data-animation_speed=\"1.5\">\n\t\t\t\t<figure>\n\t\t\t<svg xmlns=\"http:\/\/www.w3.org\/2000\/svg\" viewBox=\"0 0 64 64\" enable-background=\"new 0 0 64 64\"><g fill=\"none\" stroke=\"#000\" stroke-width=\"2\" stroke-miterlimit=\"10\"><path stroke-linejoin=\"bevel\" d=\"m13 33l12 12 24-24\"\/><circle cx=\"32\" cy=\"32\" r=\"30.999\"\/><\/g><\/svg>\t\t\t\t\t\t\t\t<\/figure>\n\t\t\t\t<div class=\"iconbox-content\">\n\t\t\t\t\t\t\t<h5>Campa\u00f1as internas de orientaci\u00f3n y concienciaci\u00f3n, como Octubre Rosa y Noviembre Azul<\/h5>\t\t\t\t\t\t\t\t<\/div>\n\t\t<style>\n\t\t\t\t\t\t\t\t\t#thb-iconbox-69f31709ed2cc.thb-iconbox h5 {\n\t\t\t\tfont-size: 21px;\n\t\t\t}\n\t\t\t\t\t\t\t\t\t#thb-iconbox-69f31709ed2cc.thb-iconbox p {\n\t\t\t\tfont-size: 18px;\n\t\t\t}\n\t\t\t\t\t\t\t\t\t#thb-iconbox-69f31709ed2cc.thb-iconbox figure svg path,\n\t\t\t#thb-iconbox-69f31709ed2cc.thb-iconbox figure svg circle,\n\t\t\t#thb-iconbox-69f31709ed2cc.thb-iconbox figure svg rect,\n\t\t\t#thb-iconbox-69f31709ed2cc.thb-iconbox figure svg ellipse {\n\t\t\t\tstroke: #e94e1b;\n\t\t\t}\n\t\t\t\t\t\t\t\t\t\t\t\t\t\t\t\/* Hover *\/\n\t\t\t\t\t\t\t\t\t\t\t<\/style>\n\t<\/div>\n\t\t<div id=\"thb-iconbox-69f31709ed3e3\" class=\"thb-iconbox left type1     animation-true\" href=\"\" target=\"_self\" data-animation_speed=\"1.5\">\n\t\t\t\t<figure>\n\t\t\t<svg xmlns=\"http:\/\/www.w3.org\/2000\/svg\" viewBox=\"0 0 64 64\" enable-background=\"new 0 0 64 64\"><g fill=\"none\" stroke=\"#000\" stroke-width=\"2\" stroke-miterlimit=\"10\"><path stroke-linejoin=\"bevel\" d=\"m13 33l12 12 24-24\"\/><circle cx=\"32\" cy=\"32\" r=\"30.999\"\/><\/g><\/svg>\t\t\t\t\t\t\t\t<\/figure>\n\t\t\t\t<div class=\"iconbox-content\">\n\t\t\t\t\t\t\t<h5>Campa\u00f1as de donaci\u00f3n de ropa de abrigo<\/h5>\t\t\t\t\t\t\t\t<\/div>\n\t\t<style>\n\t\t\t\t\t\t\t\t\t#thb-iconbox-69f31709ed3e3.thb-iconbox h5 {\n\t\t\t\tfont-size: 21px;\n\t\t\t}\n\t\t\t\t\t\t\t\t\t#thb-iconbox-69f31709ed3e3.thb-iconbox p {\n\t\t\t\tfont-size: 18px;\n\t\t\t}\n\t\t\t\t\t\t\t\t\t#thb-iconbox-69f31709ed3e3.thb-iconbox figure svg path,\n\t\t\t#thb-iconbox-69f31709ed3e3.thb-iconbox figure svg circle,\n\t\t\t#thb-iconbox-69f31709ed3e3.thb-iconbox figure svg rect,\n\t\t\t#thb-iconbox-69f31709ed3e3.thb-iconbox figure svg ellipse {\n\t\t\t\tstroke: #e94e1b;\n\t\t\t}\n\t\t\t\t\t\t\t\t\t\t\t\t\t\t\t\/* Hover *\/\n\t\t\t\t\t\t\t\t\t\t\t<\/style>\n\t<\/div>\n\t\t<div id=\"thb-iconbox-69f31709ed469\" class=\"thb-iconbox left type1     animation-true\" href=\"\" target=\"_self\" data-animation_speed=\"1.5\">\n\t\t\t\t<figure>\n\t\t\t<svg xmlns=\"http:\/\/www.w3.org\/2000\/svg\" viewBox=\"0 0 64 64\" enable-background=\"new 0 0 64 64\"><g fill=\"none\" stroke=\"#000\" stroke-width=\"2\" stroke-miterlimit=\"10\"><path stroke-linejoin=\"bevel\" d=\"m13 33l12 12 24-24\"\/><circle cx=\"32\" cy=\"32\" r=\"30.999\"\/><\/g><\/svg>\t\t\t\t\t\t\t\t<\/figure>\n\t\t\t\t<div class=\"iconbox-content\">\n\t\t\t\t\t\t\t<h5>Campa\u00f1as de juguetes<\/h5>\t\t\t\t\t\t\t\t<\/div>\n\t\t<style>\n\t\t\t\t\t\t\t\t\t#thb-iconbox-69f31709ed469.thb-iconbox h5 {\n\t\t\t\tfont-size: 21px;\n\t\t\t}\n\t\t\t\t\t\t\t\t\t#thb-iconbox-69f31709ed469.thb-iconbox p {\n\t\t\t\tfont-size: 18px;\n\t\t\t}\n\t\t\t\t\t\t\t\t\t#thb-iconbox-69f31709ed469.thb-iconbox figure svg path,\n\t\t\t#thb-iconbox-69f31709ed469.thb-iconbox figure svg circle,\n\t\t\t#thb-iconbox-69f31709ed469.thb-iconbox figure svg rect,\n\t\t\t#thb-iconbox-69f31709ed469.thb-iconbox figure svg ellipse {\n\t\t\t\tstroke: #e94e1b;\n\t\t\t}\n\t\t\t\t\t\t\t\t\t\t\t\t\t\t\t\/* Hover *\/\n\t\t\t\t\t\t\t\t\t\t\t<\/style>\n\t<\/div>\n\t\t<div id=\"thb-iconbox-69f31709ed4f2\" class=\"thb-iconbox left type1     animation-true\" href=\"\" target=\"_self\" data-animation_speed=\"1.5\">\n\t\t\t\t<figure>\n\t\t\t<svg xmlns=\"http:\/\/www.w3.org\/2000\/svg\" viewBox=\"0 0 64 64\" enable-background=\"new 0 0 64 64\"><g fill=\"none\" stroke=\"#000\" stroke-width=\"2\" stroke-miterlimit=\"10\"><path stroke-linejoin=\"bevel\" d=\"m13 33l12 12 24-24\"\/><circle cx=\"32\" cy=\"32\" r=\"30.999\"\/><\/g><\/svg>\t\t\t\t\t\t\t\t<\/figure>\n\t\t\t\t<div class=\"iconbox-content\">\n\t\t\t\t\t\t\t<h5>Liberaci\u00f3n Cero y Transporte Cero \u2013 Condiciones especiales de lucha contra el COVID-19<\/h5>\t\t\t\t\t\t\t\t<\/div>\n\t\t<style>\n\t\t\t\t\t\t\t\t\t#thb-iconbox-69f31709ed4f2.thb-iconbox h5 {\n\t\t\t\tfont-size: 21px;\n\t\t\t}\n\t\t\t\t\t\t\t\t\t#thb-iconbox-69f31709ed4f2.thb-iconbox p {\n\t\t\t\tfont-size: 18px;\n\t\t\t}\n\t\t\t\t\t\t\t\t\t#thb-iconbox-69f31709ed4f2.thb-iconbox figure svg path,\n\t\t\t#thb-iconbox-69f31709ed4f2.thb-iconbox figure svg circle,\n\t\t\t#thb-iconbox-69f31709ed4f2.thb-iconbox figure svg rect,\n\t\t\t#thb-iconbox-69f31709ed4f2.thb-iconbox figure svg ellipse {\n\t\t\t\tstroke: #e94e1b;\n\t\t\t}\n\t\t\t\t\t\t\t\t\t\t\t\t\t\t\t\/* Hover *\/\n\t\t\t\t\t\t\t\t\t\t\t<\/style>\n\t<\/div>\n\t\t<div id=\"thb-iconbox-69f31709ed56c\" class=\"thb-iconbox left type1     animation-true\" href=\"\" target=\"_self\" data-animation_speed=\"1.5\">\n\t\t\t\t<figure>\n\t\t\t<svg xmlns=\"http:\/\/www.w3.org\/2000\/svg\" viewBox=\"0 0 64 64\" enable-background=\"new 0 0 64 64\"><g fill=\"none\" stroke=\"#000\" stroke-width=\"2\" stroke-miterlimit=\"10\"><path stroke-linejoin=\"bevel\" d=\"m13 33l12 12 24-24\"\/><circle cx=\"32\" cy=\"32\" r=\"30.999\"\/><\/g><\/svg>\t\t\t\t\t\t\t\t<\/figure>\n\t\t\t\t<div class=\"iconbox-content\">\n\t\t\t\t\t\t\t<h5>Operaci\u00f3n Vida 2020 - Distribuci\u00f3n de jabones en comunidades para combatir el COVID-19<\/h5>\t\t\t\t\t\t\t\t<\/div>\n\t\t<style>\n\t\t\t\t\t\t\t\t\t#thb-iconbox-69f31709ed56c.thb-iconbox h5 {\n\t\t\t\tfont-size: 21px;\n\t\t\t}\n\t\t\t\t\t\t\t\t\t#thb-iconbox-69f31709ed56c.thb-iconbox p {\n\t\t\t\tfont-size: 18px;\n\t\t\t}\n\t\t\t\t\t\t\t\t\t#thb-iconbox-69f31709ed56c.thb-iconbox figure svg path,\n\t\t\t#thb-iconbox-69f31709ed56c.thb-iconbox figure svg circle,\n\t\t\t#thb-iconbox-69f31709ed56c.thb-iconbox figure svg rect,\n\t\t\t#thb-iconbox-69f31709ed56c.thb-iconbox figure svg ellipse {\n\t\t\t\tstroke: #e94e1b;\n\t\t\t}\n\t\t\t\t\t\t\t\t\t\t\t\t\t\t\t\/* Hover *\/\n\t\t\t\t\t\t\t\t\t\t\t<\/style>\n\t<\/div>\n\t\t<div id=\"thb-iconbox-69f31709ed619\" class=\"thb-iconbox left type1     animation-true\" href=\"\" target=\"_self\" data-animation_speed=\"1.5\">\n\t\t\t\t<figure>\n\t\t\t<svg xmlns=\"http:\/\/www.w3.org\/2000\/svg\" viewBox=\"0 0 64 64\" enable-background=\"new 0 0 64 64\"><g fill=\"none\" stroke=\"#000\" stroke-width=\"2\" stroke-miterlimit=\"10\"><path stroke-linejoin=\"bevel\" d=\"m13 33l12 12 24-24\"\/><circle cx=\"32\" cy=\"32\" r=\"30.999\"\/><\/g><\/svg>\t\t\t\t\t\t\t\t<\/figure>\n\t\t\t\t<div class=\"iconbox-content\">\n\t\t\t\t\t\t\t<h5>Entre otras<\/h5>\t\t\t\t\t\t\t\t<\/div>\n\t\t<style>\n\t\t\t\t\t\t\t\t\t#thb-iconbox-69f31709ed619.thb-iconbox h5 {\n\t\t\t\tfont-size: 21px;\n\t\t\t}\n\t\t\t\t\t\t\t\t\t#thb-iconbox-69f31709ed619.thb-iconbox p {\n\t\t\t\tfont-size: 18px;\n\t\t\t}\n\t\t\t\t\t\t\t\t\t#thb-iconbox-69f31709ed619.thb-iconbox figure svg path,\n\t\t\t#thb-iconbox-69f31709ed619.thb-iconbox figure svg circle,\n\t\t\t#thb-iconbox-69f31709ed619.thb-iconbox figure svg rect,\n\t\t\t#thb-iconbox-69f31709ed619.thb-iconbox figure svg ellipse {\n\t\t\t\tstroke: #e94e1b;\n\t\t\t}\n\t\t\t\t\t\t\t\t\t\t\t\t\t\t\t\/* Hover *\/\n\t\t\t\t\t\t\t\t\t\t\t<\/style>\n\t<\/div>\n\t[\/vc_column][vc_column width=\u00bb1\/2&#8243;][vc_gallery thb_columns=\u00bbsmall-6 large-4&#8243; lightbox=\u00bbmfp-gallery\u00bb images=\u00bb6049,6048,6095,6097,6098&#8243; img_size=\u00bbrevolution-square-x2&#8243;][\/vc_column][\/vc_row][vc_row thb_full_width=\u00bbtrue\u00bb thb_row_padding=\u00bbtrue\u00bb thb_column_padding=\u00bbtrue\u00bb css=\u00bb.vc_custom_1623695341936{margin-top: 15vh !important;border-top-width: 1px !important;padding-top: 15px !important;padding-bottom: 15px !important;background-color: #575757 !important;background-position: center !important;background-repeat: no-repeat !important;background-size: cover !important;border-top-color: #f4f4f4 !important;}\u00bb][vc_column][vc_row_inner content_placement=\u00bbmiddle\u00bb el_class=\u00bbalign-center\u00bb][vc_column_inner width=\u00bb2\/3&#8243; css=\u00bb.vc_custom_1523020985009{padding-top: 35px !important;}\u00bb][vc_column_text]\n<h2><span style=\"color: #ffffff;\">Cualquiera que sea su demanda,<\/span><br \/>\n<span style=\"color: #ffffff;\"><span style=\"color: #dedc00;\"><em>cuente con nosotros<\/em><\/span> para ayudarlo en este viaje.<\/span><\/h2>\n[\/vc_column_text][\/vc_column_inner][vc_column_inner el_class=\u00bbtext-right\u00bb width=\u00bb1\/3&#8243; animation=\u00bbanimation bottom-to-top\u00bb css=\u00bb.vc_custom_1523020888583{padding-top: 25px !important;padding-bottom: 25px !important;}\u00bb]\t<a id=\"thb-button-69f31709ed716\" class=\"btn style4 medium full white no-radius animation bottom-to-top   \" href=\"https:\/\/pglbr.com.br\/es\/contacto\/\" target=\"_self\" role=\"button\">\n\t\t<span>ENTRE EN CONTACTO<\/span>\n\t\t\t<\/a>\n\t\t[\/vc_column_inner][\/vc_row_inner][\/vc_column][\/vc_row]\n<\/section>","protected":false},"excerpt":{"rendered":"<p>[vc_row thb_full_width=\u00bbtrue\u00bb thb_row_padding=\u00bbtrue\u00bb thb_column_padding=\u00bbtrue\u00bb full_height=\u00bbyes\u00bb css=\u00bb.vc_custom_1623706492975{padding-top: 24vh !important;padding-bottom: 12vh !important;background-image: url(https:\/\/pglbr.com.br\/wp-content\/uploads\/2021\/06\/socialresponsabilidade.jpg?id=1031) !important;}\u00bb][vc_column][vc_row_inner content_placement=\u00bbmiddle\u00bb][vc_column_inner thb_color=\u00bbthb-light-column\u00bb width=\u00bb1\/2&#8243;][vc_empty_space height=\u00bb25px\u00bb][vc_separator color=\u00bbwhite\u00bb align=\u00bbalign_left\u00bb css_animation=\u00bbleft-to-right\u00bb][vc_empty_space height=\u00bb25px\u00bb][vc_column_text animation=\u00bbanimation fade-in\u00bb] Valoramos el bienestar del colaborador, de la empresa y de la poblaci\u00f3n en su conjunto, y con ese ideal, peri\u00f3dicamente iniciamos o nos sumamos a acciones que tienen como objetivo la salud y&hellip;<\/p>\n","protected":false},"author":2,"featured_media":0,"parent":0,"menu_order":0,"comment_status":"closed","ping_status":"closed","template":"","meta":{"inline_featured_image":false,"footnotes":""},"class_list":["post-7072","page","type-page","status-publish","hentry"],"yoast_head":"<!-- This site is optimized with the Yoast SEO plugin v26.9 - https:\/\/yoast.com\/product\/yoast-seo-wordpress\/ -->\n<title>Responsabilidad Social - PGL Brasil<\/title>\n<meta name=\"robots\" content=\"index, follow, max-snippet:-1, max-image-preview:large, max-video-preview:-1\" \/>\n<link rel=\"canonical\" href=\"https:\/\/pglbr.com.br\/es\/responsabilidad-social\/\" \/>\n<meta property=\"og:locale\" content=\"es_ES\" \/>\n<meta property=\"og:type\" content=\"article\" \/>\n<meta property=\"og:title\" content=\"Responsabilidad Social - PGL Brasil\" \/>\n<meta property=\"og:description\" content=\"[vc_row thb_full_width=\u00bbtrue\u00bb thb_row_padding=\u00bbtrue\u00bb thb_column_padding=\u00bbtrue\u00bb full_height=\u00bbyes\u00bb css=\u00bb.vc_custom_1623706492975{padding-top: 24vh !important;padding-bottom: 12vh !important;background-image: url(https:\/\/pglbr.com.br\/wp-content\/uploads\/2021\/06\/socialresponsabilidade.jpg?id=1031) !important;}\u00bb][vc_column][vc_row_inner content_placement=\u00bbmiddle\u00bb][vc_column_inner thb_color=\u00bbthb-light-column\u00bb width=\u00bb1\/2&#8243;][vc_empty_space height=\u00bb25px\u00bb][vc_separator color=\u00bbwhite\u00bb align=\u00bbalign_left\u00bb css_animation=\u00bbleft-to-right\u00bb][vc_empty_space height=\u00bb25px\u00bb][vc_column_text animation=\u00bbanimation fade-in\u00bb] Valoramos el bienestar del colaborador, de la empresa y de la poblaci\u00f3n en su conjunto, y con ese ideal, peri\u00f3dicamente iniciamos o nos sumamos a acciones que tienen como objetivo la salud y&hellip;\" \/>\n<meta property=\"og:url\" content=\"https:\/\/pglbr.com.br\/es\/responsabilidad-social\/\" \/>\n<meta property=\"og:site_name\" content=\"PGL Brasil\" \/>\n<meta property=\"article:publisher\" content=\"https:\/\/www.facebook.com\/PGLBrasil\/\" \/>\n<meta property=\"article:modified_time\" content=\"2022-05-16T15:13:21+00:00\" \/>\n<meta name=\"twitter:card\" content=\"summary_large_image\" \/>\n<meta name=\"twitter:label1\" content=\"Tiempo de lectura\" \/>\n\t<meta name=\"twitter:data1\" content=\"2 minutos\" \/>\n<script type=\"application\/ld+json\" class=\"yoast-schema-graph\">{\"@context\":\"https:\/\/schema.org\",\"@graph\":[{\"@type\":\"WebPage\",\"@id\":\"https:\/\/pglbr.com.br\/es\/responsabilidad-social\/\",\"url\":\"https:\/\/pglbr.com.br\/es\/responsabilidad-social\/\",\"name\":\"Responsabilidad Social - PGL Brasil\",\"isPartOf\":{\"@id\":\"https:\/\/pglbr.com.br\/es\/#website\"},\"datePublished\":\"2021-06-14T17:49:42+00:00\",\"dateModified\":\"2022-05-16T15:13:21+00:00\",\"breadcrumb\":{\"@id\":\"https:\/\/pglbr.com.br\/es\/responsabilidad-social\/#breadcrumb\"},\"inLanguage\":\"es\",\"potentialAction\":[{\"@type\":\"ReadAction\",\"target\":[\"https:\/\/pglbr.com.br\/es\/responsabilidad-social\/\"]}]},{\"@type\":\"BreadcrumbList\",\"@id\":\"https:\/\/pglbr.com.br\/es\/responsabilidad-social\/#breadcrumb\",\"itemListElement\":[{\"@type\":\"ListItem\",\"position\":1,\"name\":\"Home\",\"item\":\"https:\/\/pglbr.com.br\/es\/\"},{\"@type\":\"ListItem\",\"position\":2,\"name\":\"Responsabilidad Social\"}]},{\"@type\":\"WebSite\",\"@id\":\"https:\/\/pglbr.com.br\/es\/#website\",\"url\":\"https:\/\/pglbr.com.br\/es\/\",\"name\":\"PGL Brasil\",\"description\":\"Supply Chain Management\",\"publisher\":{\"@id\":\"https:\/\/pglbr.com.br\/es\/#organization\"},\"alternateName\":\"PGL Brasil - Supply Chain Management\",\"potentialAction\":[{\"@type\":\"SearchAction\",\"target\":{\"@type\":\"EntryPoint\",\"urlTemplate\":\"https:\/\/pglbr.com.br\/es\/?s={search_term_string}\"},\"query-input\":{\"@type\":\"PropertyValueSpecification\",\"valueRequired\":true,\"valueName\":\"search_term_string\"}}],\"inLanguage\":\"es\"},{\"@type\":\"Organization\",\"@id\":\"https:\/\/pglbr.com.br\/es\/#organization\",\"name\":\"PGL Brasil\",\"alternateName\":\"PGL Brasil - Supply Chain Management\",\"url\":\"https:\/\/pglbr.com.br\/es\/\",\"logo\":{\"@type\":\"ImageObject\",\"inLanguage\":\"es\",\"@id\":\"https:\/\/pglbr.com.br\/es\/#\/schema\/logo\/image\/\",\"url\":\"https:\/\/pglbr.com.br\/wp-content\/uploads\/2021\/05\/pglmarca.svg\",\"contentUrl\":\"https:\/\/pglbr.com.br\/wp-content\/uploads\/2021\/05\/pglmarca.svg\",\"width\":\"1024\",\"height\":\"1024\",\"caption\":\"PGL Brasil\"},\"image\":{\"@id\":\"https:\/\/pglbr.com.br\/es\/#\/schema\/logo\/image\/\"},\"sameAs\":[\"https:\/\/www.facebook.com\/PGLBrasil\/\",\"https:\/\/www.instagram.com\/pgl.brasil\/\",\"https:\/\/www.linkedin.com\/company\/pgl-brasil\/\",\"https:\/\/www.youtube.com\/channel\/UCrcldnH0g3494FycQY5kp8Q\"]}]}<\/script>\n<!-- \/ Yoast SEO plugin. -->","yoast_head_json":{"title":"Responsabilidad Social - PGL Brasil","robots":{"index":"index","follow":"follow","max-snippet":"max-snippet:-1","max-image-preview":"max-image-preview:large","max-video-preview":"max-video-preview:-1"},"canonical":"https:\/\/pglbr.com.br\/es\/responsabilidad-social\/","og_locale":"es_ES","og_type":"article","og_title":"Responsabilidad Social - PGL Brasil","og_description":"[vc_row thb_full_width=\u00bbtrue\u00bb thb_row_padding=\u00bbtrue\u00bb thb_column_padding=\u00bbtrue\u00bb full_height=\u00bbyes\u00bb css=\u00bb.vc_custom_1623706492975{padding-top: 24vh !important;padding-bottom: 12vh !important;background-image: url(https:\/\/pglbr.com.br\/wp-content\/uploads\/2021\/06\/socialresponsabilidade.jpg?id=1031) !important;}\u00bb][vc_column][vc_row_inner content_placement=\u00bbmiddle\u00bb][vc_column_inner thb_color=\u00bbthb-light-column\u00bb width=\u00bb1\/2&#8243;][vc_empty_space height=\u00bb25px\u00bb][vc_separator color=\u00bbwhite\u00bb align=\u00bbalign_left\u00bb css_animation=\u00bbleft-to-right\u00bb][vc_empty_space height=\u00bb25px\u00bb][vc_column_text animation=\u00bbanimation fade-in\u00bb] Valoramos el bienestar del colaborador, de la empresa y de la poblaci\u00f3n en su conjunto, y con ese ideal, peri\u00f3dicamente iniciamos o nos sumamos a acciones que tienen como objetivo la salud y&hellip;","og_url":"https:\/\/pglbr.com.br\/es\/responsabilidad-social\/","og_site_name":"PGL Brasil","article_publisher":"https:\/\/www.facebook.com\/PGLBrasil\/","article_modified_time":"2022-05-16T15:13:21+00:00","twitter_card":"summary_large_image","twitter_misc":{"Tiempo de lectura":"2 minutos"},"schema":{"@context":"https:\/\/schema.org","@graph":[{"@type":"WebPage","@id":"https:\/\/pglbr.com.br\/es\/responsabilidad-social\/","url":"https:\/\/pglbr.com.br\/es\/responsabilidad-social\/","name":"Responsabilidad Social - PGL Brasil","isPartOf":{"@id":"https:\/\/pglbr.com.br\/es\/#website"},"datePublished":"2021-06-14T17:49:42+00:00","dateModified":"2022-05-16T15:13:21+00:00","breadcrumb":{"@id":"https:\/\/pglbr.com.br\/es\/responsabilidad-social\/#breadcrumb"},"inLanguage":"es","potentialAction":[{"@type":"ReadAction","target":["https:\/\/pglbr.com.br\/es\/responsabilidad-social\/"]}]},{"@type":"BreadcrumbList","@id":"https:\/\/pglbr.com.br\/es\/responsabilidad-social\/#breadcrumb","itemListElement":[{"@type":"ListItem","position":1,"name":"Home","item":"https:\/\/pglbr.com.br\/es\/"},{"@type":"ListItem","position":2,"name":"Responsabilidad Social"}]},{"@type":"WebSite","@id":"https:\/\/pglbr.com.br\/es\/#website","url":"https:\/\/pglbr.com.br\/es\/","name":"PGL Brasil","description":"Supply Chain Management","publisher":{"@id":"https:\/\/pglbr.com.br\/es\/#organization"},"alternateName":"PGL Brasil - Supply Chain Management","potentialAction":[{"@type":"SearchAction","target":{"@type":"EntryPoint","urlTemplate":"https:\/\/pglbr.com.br\/es\/?s={search_term_string}"},"query-input":{"@type":"PropertyValueSpecification","valueRequired":true,"valueName":"search_term_string"}}],"inLanguage":"es"},{"@type":"Organization","@id":"https:\/\/pglbr.com.br\/es\/#organization","name":"PGL Brasil","alternateName":"PGL Brasil - Supply Chain Management","url":"https:\/\/pglbr.com.br\/es\/","logo":{"@type":"ImageObject","inLanguage":"es","@id":"https:\/\/pglbr.com.br\/es\/#\/schema\/logo\/image\/","url":"https:\/\/pglbr.com.br\/wp-content\/uploads\/2021\/05\/pglmarca.svg","contentUrl":"https:\/\/pglbr.com.br\/wp-content\/uploads\/2021\/05\/pglmarca.svg","width":"1024","height":"1024","caption":"PGL Brasil"},"image":{"@id":"https:\/\/pglbr.com.br\/es\/#\/schema\/logo\/image\/"},"sameAs":["https:\/\/www.facebook.com\/PGLBrasil\/","https:\/\/www.instagram.com\/pgl.brasil\/","https:\/\/www.linkedin.com\/company\/pgl-brasil\/","https:\/\/www.youtube.com\/channel\/UCrcldnH0g3494FycQY5kp8Q"]}]}},"_links":{"self":[{"href":"https:\/\/pglbr.com.br\/es\/wp-json\/wp\/v2\/pages\/7072","targetHints":{"allow":["GET"]}}],"collection":[{"href":"https:\/\/pglbr.com.br\/es\/wp-json\/wp\/v2\/pages"}],"about":[{"href":"https:\/\/pglbr.com.br\/es\/wp-json\/wp\/v2\/types\/page"}],"author":[{"embeddable":true,"href":"https:\/\/pglbr.com.br\/es\/wp-json\/wp\/v2\/users\/2"}],"replies":[{"embeddable":true,"href":"https:\/\/pglbr.com.br\/es\/wp-json\/wp\/v2\/comments?post=7072"}],"version-history":[{"count":0,"href":"https:\/\/pglbr.com.br\/es\/wp-json\/wp\/v2\/pages\/7072\/revisions"}],"wp:attachment":[{"href":"https:\/\/pglbr.com.br\/es\/wp-json\/wp\/v2\/media?parent=7072"}],"curies":[{"name":"wp","href":"https:\/\/api.w.org\/{rel}","templated":true}]}}